{"id":93,"date":"2017-04-07T15:58:03","date_gmt":"2017-04-07T13:58:03","guid":{"rendered":"https:\/\/www.oekobib.lu\/ueber-uns\/"},"modified":"2022-07-22T13:51:44","modified_gmt":"2022-07-22T11:51:44","slug":"a-propos-de-nous","status":"publish","type":"page","link":"https:\/\/www.oekobib.lu\/fr\/a-propos-de-nous\/","title":{"rendered":"A propos de nous"},"content":{"rendered":"<h2><strong>Oekobib-Mediath\u00e9ik, une initiative de l\u2019Oekozenter Pafendall, au service de l\u2019environnement, du d\u00e9veloppement durable, de la participation citoyenne et bien d\u2019autres th\u00e8mes relatifs \u00e0 l\u2019avenir \u00a0<\/strong><\/h2>\n<p>L\u2019Oekozenter Pafendall est nich\u00e9 dans le Pfaffenthal, situ\u00e9 en p\u00e9riph\u00e9rie de la Ville de Luxembourg, et constitue le point de rencontre par excellence des citoyens qui s\u2019int\u00e9ressent aux th\u00e8mes de l\u2019environnement et du d\u00e9veloppement durable.\u00a0<\/p>\n<p>N\u00e9 de l\u2019initiative du Mouvement Ecologique, l\u2019Oekozenter Pafendall peut \u00eatre qualifi\u00e9 de \u00ab\u00a0maison du d\u00e9veloppement durable\u00a0\u00bb\u00a0: il est le si\u00e8ge de diff\u00e9rents services de conseil, du Mouvement Ecologique ainsi que d\u2019autres organisations non gouvernementales. L\u2019oekozenter dispose d\u2019une s\u00e9rie de salles de r\u00e9union et de conf\u00e9rence qui peuvent \u00eatre lou\u00e9es. Les diff\u00e9rents services de conseil sont \u00e0 la disposition des citoyens int\u00e9ress\u00e9s, des professionnels ainsi que des institutions qui sont en qu\u00eate d\u2019id\u00e9es et d\u2019orientation. Le bistrot \u00ab\u00a0Oekosoph\u00a0\u00bb est un lieu de rencontre conviviale.<\/p>\n<p>Depuis le 26 avril 2017, l\u2019oekobib mediath\u00e9ik a ouvert ses portes au grand public au si\u00e8ge de l\u2019Oekozenter Pafendall. Elle est au Luxembourg LA r\u00e9f\u00e9rence pour tout ce qui est du domaine du d\u00e9veloppement durable et offre une s\u00e9lection de qualit\u00e9 en titres et mat\u00e9riaux hautement recommandables.<\/p>\n<p>L\u2019offre de l\u2019oekobib va de th\u00e8mes tels que de la construction \u00e9cologique, de la mobilit\u00e9 douce, de la protection de la nature et des paysages, de l\u2019horticulture \u00e9cologique, de l\u2019alimentation v\u00e9g\u00e9tarienne et v\u00e9g\u00e9talienne, de la politique communale durable, du d\u00e9veloppement durable, de la promotion du bien-\u00eatre commun, de la conception de nouveaux mod\u00e8les de bien-\u00eatre et de formes de participation citoyenne. A c\u00f4t\u00e9 de l\u2019offre en titres luxembourgeois, qui est en d\u00e9veloppement, le lecteur\/la lectrice int\u00e9ress\u00e9(e) trouve un large choix en revues autour de ces diff\u00e9rents th\u00e8mes. Au-del\u00e0, des mat\u00e9riaux didactiques et divers appareils de mesure peuvent \u00eatre emprunt\u00e9s.<\/p>\n<p>L\u2019int\u00e9gralit\u00e9 du stock est repris dans le catalogue du portail de recherche unifi\u00e9 du r\u00e9seau bibnet.lu qui est g\u00e9r\u00e9 par la Biblioth\u00e8que nationale. Il peut \u00eatre consult\u00e9 via\u00a0<a href=\"https:\/\/www.a-z.lu\/\" target=\"_blank\" rel=\"noopener noreferrer\">www.a-z.lu<\/a>\u00a0ou bien via la page de l\u2019oekobib mediath\u00e9ik <a href=\"https:\/\/www.oekobib.lu\/fr\/\">www.oekobib.lu<\/a> .<\/p>\n<p>&nbsp;<\/p>\n","protected":false},"excerpt":{"rendered":"<p>Oekobib-Mediath\u00e9ik, une initiative de l\u2019Oekozenter Pafendall, au service de l\u2019environnement, du d\u00e9veloppement durable, de la participation citoyenne et bien d\u2019autres th\u00e8mes relatifs \u00e0 l\u2019avenir \u00a0 L\u2019Oekozenter Pafendall est nich\u00e9 dans le Pfaffenthal, situ\u00e9 en p\u00e9riph\u00e9rie de la Ville de Luxembourg, et constitue le point de rencontre par excellence des citoyens qui s\u2019int\u00e9ressent aux th\u00e8mes de [&hellip;]<\/p>\n","protected":false},"author":1,"featured_media":607,"parent":0,"menu_order":0,"comment_status":"closed","ping_status":"closed","template":"","meta":{"footnotes":""},"class_list":["post-93","page","type-page","status-publish","hentry"],"yoast_head":"<!-- This site is optimized with the Yoast SEO plugin v27.3 - https:\/\/yoast.com\/product\/yoast-seo-wordpress\/ -->\n<title>A propos de nous - Oekobib<\/title>\n<meta name=\"robots\" content=\"index, follow, max-snippet:-1, max-image-preview:large, max-video-preview:-1\" \/>\n<link rel=\"canonical\" href=\"https:\/\/www.oekobib.lu\/wir-ueber-uns\/\" \/>\n<meta property=\"og:locale\" content=\"fr_FR\" \/>\n<meta property=\"og:type\" content=\"article\" \/>\n<meta property=\"og:title\" content=\"A propos de nous - Oekobib\" \/>\n<meta property=\"og:description\" content=\"Oekobib-Mediath\u00e9ik, une initiative de l\u2019Oekozenter Pafendall, au service de l\u2019environnement, du d\u00e9veloppement durable, de la participation citoyenne et bien d\u2019autres th\u00e8mes relatifs \u00e0 l\u2019avenir \u00a0 L\u2019Oekozenter Pafendall est nich\u00e9 dans le Pfaffenthal, situ\u00e9 en p\u00e9riph\u00e9rie de la Ville de Luxembourg, et constitue le point de rencontre par excellence des citoyens qui s\u2019int\u00e9ressent aux th\u00e8mes de [&hellip;]\" \/>\n<meta property=\"og:url\" content=\"https:\/\/www.oekobib.lu\/wir-ueber-uns\/\" \/>\n<meta property=\"og:site_name\" content=\"Oekobib\" \/>\n<meta property=\"article:modified_time\" content=\"2022-07-22T11:51:44+00:00\" \/>\n<meta property=\"og:image\" content=\"https:\/\/www.oekobib.lu\/wp-content\/uploads\/2017\/04\/Oekozenter_Frontansicht.jpg\" \/>\n\t<meta property=\"og:image:width\" content=\"1170\" \/>\n\t<meta property=\"og:image:height\" content=\"350\" \/>\n\t<meta property=\"og:image:type\" content=\"image\/jpeg\" \/>\n<meta name=\"twitter:card\" content=\"summary_large_image\" \/>\n<meta name=\"twitter:label1\" content=\"Dur\u00e9e de lecture estim\u00e9e\" \/>\n\t<meta name=\"twitter:data1\" content=\"2 minutes\" \/>\n<script type=\"application\/ld+json\" class=\"yoast-schema-graph\">{\"@context\":\"https:\\\/\\\/schema.org\",\"@graph\":[{\"@type\":\"WebPage\",\"@id\":\"https:\\\/\\\/www.oekobib.lu\\\/wir-ueber-uns\\\/\",\"url\":\"https:\\\/\\\/www.oekobib.lu\\\/wir-ueber-uns\\\/\",\"name\":\"A propos de nous - Oekobib\",\"isPartOf\":{\"@id\":\"https:\\\/\\\/www.oekobib.lu\\\/#website\"},\"primaryImageOfPage\":{\"@id\":\"https:\\\/\\\/www.oekobib.lu\\\/wir-ueber-uns\\\/#primaryimage\"},\"image\":{\"@id\":\"https:\\\/\\\/www.oekobib.lu\\\/wir-ueber-uns\\\/#primaryimage\"},\"thumbnailUrl\":\"https:\\\/\\\/www.oekobib.lu\\\/wp-content\\\/uploads\\\/2017\\\/04\\\/Oekozenter_Frontansicht.jpg\",\"datePublished\":\"2017-04-07T13:58:03+00:00\",\"dateModified\":\"2022-07-22T11:51:44+00:00\",\"breadcrumb\":{\"@id\":\"https:\\\/\\\/www.oekobib.lu\\\/wir-ueber-uns\\\/#breadcrumb\"},\"inLanguage\":\"fr-FR\",\"potentialAction\":[{\"@type\":\"ReadAction\",\"target\":[\"https:\\\/\\\/www.oekobib.lu\\\/wir-ueber-uns\\\/\"]}]},{\"@type\":\"ImageObject\",\"inLanguage\":\"fr-FR\",\"@id\":\"https:\\\/\\\/www.oekobib.lu\\\/wir-ueber-uns\\\/#primaryimage\",\"url\":\"https:\\\/\\\/www.oekobib.lu\\\/wp-content\\\/uploads\\\/2017\\\/04\\\/Oekozenter_Frontansicht.jpg\",\"contentUrl\":\"https:\\\/\\\/www.oekobib.lu\\\/wp-content\\\/uploads\\\/2017\\\/04\\\/Oekozenter_Frontansicht.jpg\",\"width\":1170,\"height\":350},{\"@type\":\"BreadcrumbList\",\"@id\":\"https:\\\/\\\/www.oekobib.lu\\\/wir-ueber-uns\\\/#breadcrumb\",\"itemListElement\":[{\"@type\":\"ListItem\",\"position\":1,\"name\":\"Accueil\",\"item\":\"https:\\\/\\\/www.oekobib.lu\\\/\"},{\"@type\":\"ListItem\",\"position\":2,\"name\":\"A propos de nous\"}]},{\"@type\":\"WebSite\",\"@id\":\"https:\\\/\\\/www.oekobib.lu\\\/#website\",\"url\":\"https:\\\/\\\/www.oekobib.lu\\\/\",\"name\":\"Oekobib\",\"description\":\"Un site utilisant WordPress\",\"potentialAction\":[{\"@type\":\"SearchAction\",\"target\":{\"@type\":\"EntryPoint\",\"urlTemplate\":\"https:\\\/\\\/www.oekobib.lu\\\/?s={search_term_string}\"},\"query-input\":{\"@type\":\"PropertyValueSpecification\",\"valueRequired\":true,\"valueName\":\"search_term_string\"}}],\"inLanguage\":\"fr-FR\"}]}<\/script>\n<!-- \/ Yoast SEO plugin. -->","yoast_head_json":{"title":"A propos de nous - Oekobib","robots":{"index":"index","follow":"follow","max-snippet":"max-snippet:-1","max-image-preview":"max-image-preview:large","max-video-preview":"max-video-preview:-1"},"canonical":"https:\/\/www.oekobib.lu\/wir-ueber-uns\/","og_locale":"fr_FR","og_type":"article","og_title":"A propos de nous - Oekobib","og_description":"Oekobib-Mediath\u00e9ik, une initiative de l\u2019Oekozenter Pafendall, au service de l\u2019environnement, du d\u00e9veloppement durable, de la participation citoyenne et bien d\u2019autres th\u00e8mes relatifs \u00e0 l\u2019avenir \u00a0 L\u2019Oekozenter Pafendall est nich\u00e9 dans le Pfaffenthal, situ\u00e9 en p\u00e9riph\u00e9rie de la Ville de Luxembourg, et constitue le point de rencontre par excellence des citoyens qui s\u2019int\u00e9ressent aux th\u00e8mes de [&hellip;]","og_url":"https:\/\/www.oekobib.lu\/wir-ueber-uns\/","og_site_name":"Oekobib","article_modified_time":"2022-07-22T11:51:44+00:00","og_image":[{"width":1170,"height":350,"url":"https:\/\/www.oekobib.lu\/wp-content\/uploads\/2017\/04\/Oekozenter_Frontansicht.jpg","type":"image\/jpeg"}],"twitter_card":"summary_large_image","twitter_misc":{"Dur\u00e9e de lecture estim\u00e9e":"2 minutes"},"schema":{"@context":"https:\/\/schema.org","@graph":[{"@type":"WebPage","@id":"https:\/\/www.oekobib.lu\/wir-ueber-uns\/","url":"https:\/\/www.oekobib.lu\/wir-ueber-uns\/","name":"A propos de nous - Oekobib","isPartOf":{"@id":"https:\/\/www.oekobib.lu\/#website"},"primaryImageOfPage":{"@id":"https:\/\/www.oekobib.lu\/wir-ueber-uns\/#primaryimage"},"image":{"@id":"https:\/\/www.oekobib.lu\/wir-ueber-uns\/#primaryimage"},"thumbnailUrl":"https:\/\/www.oekobib.lu\/wp-content\/uploads\/2017\/04\/Oekozenter_Frontansicht.jpg","datePublished":"2017-04-07T13:58:03+00:00","dateModified":"2022-07-22T11:51:44+00:00","breadcrumb":{"@id":"https:\/\/www.oekobib.lu\/wir-ueber-uns\/#breadcrumb"},"inLanguage":"fr-FR","potentialAction":[{"@type":"ReadAction","target":["https:\/\/www.oekobib.lu\/wir-ueber-uns\/"]}]},{"@type":"ImageObject","inLanguage":"fr-FR","@id":"https:\/\/www.oekobib.lu\/wir-ueber-uns\/#primaryimage","url":"https:\/\/www.oekobib.lu\/wp-content\/uploads\/2017\/04\/Oekozenter_Frontansicht.jpg","contentUrl":"https:\/\/www.oekobib.lu\/wp-content\/uploads\/2017\/04\/Oekozenter_Frontansicht.jpg","width":1170,"height":350},{"@type":"BreadcrumbList","@id":"https:\/\/www.oekobib.lu\/wir-ueber-uns\/#breadcrumb","itemListElement":[{"@type":"ListItem","position":1,"name":"Accueil","item":"https:\/\/www.oekobib.lu\/"},{"@type":"ListItem","position":2,"name":"A propos de nous"}]},{"@type":"WebSite","@id":"https:\/\/www.oekobib.lu\/#website","url":"https:\/\/www.oekobib.lu\/","name":"Oekobib","description":"Un site utilisant WordPress","potentialAction":[{"@type":"SearchAction","target":{"@type":"EntryPoint","urlTemplate":"https:\/\/www.oekobib.lu\/?s={search_term_string}"},"query-input":{"@type":"PropertyValueSpecification","valueRequired":true,"valueName":"search_term_string"}}],"inLanguage":"fr-FR"}]}},"_links":{"self":[{"href":"https:\/\/www.oekobib.lu\/fr\/wp-json\/wp\/v2\/pages\/93","targetHints":{"allow":["GET"]}}],"collection":[{"href":"https:\/\/www.oekobib.lu\/fr\/wp-json\/wp\/v2\/pages"}],"about":[{"href":"https:\/\/www.oekobib.lu\/fr\/wp-json\/wp\/v2\/types\/page"}],"author":[{"embeddable":true,"href":"https:\/\/www.oekobib.lu\/fr\/wp-json\/wp\/v2\/users\/1"}],"replies":[{"embeddable":true,"href":"https:\/\/www.oekobib.lu\/fr\/wp-json\/wp\/v2\/comments?post=93"}],"version-history":[{"count":3,"href":"https:\/\/www.oekobib.lu\/fr\/wp-json\/wp\/v2\/pages\/93\/revisions"}],"predecessor-version":[{"id":4066,"href":"https:\/\/www.oekobib.lu\/fr\/wp-json\/wp\/v2\/pages\/93\/revisions\/4066"}],"wp:featuredmedia":[{"embeddable":true,"href":"https:\/\/www.oekobib.lu\/fr\/wp-json\/wp\/v2\/media\/607"}],"wp:attachment":[{"href":"https:\/\/www.oekobib.lu\/fr\/wp-json\/wp\/v2\/media?parent=93"}],"curies":[{"name":"wp","href":"https:\/\/api.w.org\/{rel}","templated":true}]}}